{"id":30544,"date":"2024-11-06T15:09:47","date_gmt":"2024-11-06T14:09:47","guid":{"rendered":"https:\/\/puurexloo.nl\/ausfluege-maerkte-messen-und-spass\/"},"modified":"2024-11-06T15:09:47","modified_gmt":"2024-11-06T14:09:47","slug":"ausfluege-maerkte-messen-und-spass","status":"publish","type":"page","link":"https:\/\/puurexloo.nl\/de\/ausfluege-maerkte-messen-und-spass\/","title":{"rendered":"Ausfl\u00fcge, M\u00e4rkte, Messen und Spa\u00df"},"content":{"rendered":"\t\t<div data-elementor-type=\"wp-page\" data-elementor-id=\"30544\" class=\"elementor elementor-30544 elementor-29625\" data-elementor-post-type=\"page\">\n\t\t\t\t\t\t<section class=\"elementor-section elementor-top-section elementor-element elementor-element-7a928f9 elementor-section-boxed elementor-section-height-default elementor-section-height-default\" data-id=\"7a928f9\" data-element_type=\"section\">\n\t\t\t\t\t\t<div class=\"elementor-container elementor-column-gap-default\">\n\t\t\t\t\t<div class=\"elementor-column elementor-col-100 elementor-top-column elementor-element elementor-element-c3037d3\" data-id=\"c3037d3\" data-element_type=\"column\">\n\t\t\t<div class=\"elementor-widget-wrap elementor-element-populated\">\n\t\t\t\t\t\t<section class=\"elementor-section elementor-inner-section elementor-element elementor-element-d155fc8 elementor-section-boxed elementor-section-height-default elementor-section-height-default\" data-id=\"d155fc8\" data-element_type=\"section\">\n\t\t\t\t\t\t<div class=\"elementor-container elementor-column-gap-default\">\n\t\t\t\t\t<div class=\"elementor-column elementor-col-50 elementor-inner-column elementor-element elementor-element-60268c5\" data-id=\"60268c5\" data-element_type=\"column\">\n\t\t\t<div class=\"elementor-widget-wrap elementor-element-populated\">\n\t\t\t\t\t\t<div class=\"elementor-element elementor-element-27b30e0 elementor-widget elementor-widget-image\" data-id=\"27b30e0\" data-element_type=\"widget\" data-widget_type=\"image.default\">\n\t\t\t\t<div class=\"elementor-widget-container\">\n\t\t\t\t\t\t\t\t\t\t\t\t\t\t\t<img decoding=\"async\" width=\"150\" height=\"150\" src=\"https:\/\/puurexloo.nl\/wp-content\/uploads\/2021\/09\/exloo-logo-150x150-1.jpg\" class=\"attachment-large size-large wp-image-3437\" alt=\"\" srcset=\"https:\/\/puurexloo.nl\/wp-content\/uploads\/2021\/09\/exloo-logo-150x150-1.jpg 150w, https:\/\/puurexloo.nl\/wp-content\/uploads\/2021\/09\/exloo-logo-150x150-1-100x100.jpg 100w\" sizes=\"(max-width: 150px) 100vw, 150px\" \/>\t\t\t\t\t\t\t\t\t\t\t\t\t\t\t<\/div>\n\t\t\t\t<\/div>\n\t\t\t\t\t<\/div>\n\t\t<\/div>\n\t\t\t\t<div class=\"elementor-column elementor-col-50 elementor-inner-column elementor-element elementor-element-2d61327\" data-id=\"2d61327\" data-element_type=\"column\">\n\t\t\t<div class=\"elementor-widget-wrap elementor-element-populated\">\n\t\t\t\t\t\t<div class=\"elementor-element elementor-element-8477d5e elementor-widget elementor-widget-image\" data-id=\"8477d5e\" data-element_type=\"widget\" data-widget_type=\"image.default\">\n\t\t\t\t<div class=\"elementor-widget-container\">\n\t\t\t\t\t\t\t\t\t\t\t\t\t\t\t<img fetchpriority=\"high\" decoding=\"async\" width=\"381\" height=\"381\" src=\"https:\/\/puurexloo.nl\/wp-content\/uploads\/2021\/10\/Nr.-8-Vlindermarkt-Emmen-resized.jpg\" class=\"attachment-large size-large wp-image-3585\" alt=\"\" srcset=\"https:\/\/puurexloo.nl\/wp-content\/uploads\/2021\/10\/Nr.-8-Vlindermarkt-Emmen-resized.jpg 381w, https:\/\/puurexloo.nl\/wp-content\/uploads\/2021\/10\/Nr.-8-Vlindermarkt-Emmen-resized-300x300.jpg 300w, https:\/\/puurexloo.nl\/wp-content\/uploads\/2021\/10\/Nr.-8-Vlindermarkt-Emmen-resized-100x100.jpg 100w\" sizes=\"(max-width: 381px) 100vw, 381px\" \/>\t\t\t\t\t\t\t\t\t\t\t\t\t\t\t<\/div>\n\t\t\t\t<\/div>\n\t\t\t\t\t<\/div>\n\t\t<\/div>\n\t\t\t\t\t<\/div>\n\t\t<\/section>\n\t\t\t\t<div class=\"elementor-element elementor-element-d52908d elementor-widget elementor-widget-heading\" data-id=\"d52908d\" data-element_type=\"widget\" data-widget_type=\"heading.default\">\n\t\t\t\t<div class=\"elementor-widget-container\">\n\t\t\t\t\t<h2 class=\"elementor-heading-title elementor-size-default\">Messen, Jahrm\u00e4rkte, Flohm\u00e4rkte, Workshops und vieles mehr.<\/h2>\t\t\t\t<\/div>\n\t\t\t\t<\/div>\n\t\t\t\t\t<\/div>\n\t\t<\/div>\n\t\t\t\t\t<\/div>\n\t\t<\/section>\n\t\t\t\t<section class=\"elementor-section elementor-top-section elementor-element elementor-element-b5a20eb elementor-section-boxed elementor-section-height-default elementor-section-height-default\" data-id=\"b5a20eb\" data-element_type=\"section\">\n\t\t\t\t\t\t<div class=\"elementor-container elementor-column-gap-default\">\n\t\t\t\t\t<div class=\"elementor-column elementor-col-100 elementor-top-column elementor-element elementor-element-9b2c8dc\" data-id=\"9b2c8dc\" data-element_type=\"column\">\n\t\t\t<div class=\"elementor-widget-wrap elementor-element-populated\">\n\t\t\t\t\t\t<section class=\"elementor-section elementor-inner-section elementor-element elementor-element-02650dc elementor-section-boxed elementor-section-height-default elementor-section-height-default\" data-id=\"02650dc\" data-element_type=\"section\">\n\t\t\t\t\t\t<div class=\"elementor-container elementor-column-gap-default\">\n\t\t\t\t\t<div class=\"elementor-column elementor-col-50 elementor-inner-column elementor-element elementor-element-31fbea9\" data-id=\"31fbea9\" data-element_type=\"column\">\n\t\t\t<div class=\"elementor-widget-wrap elementor-element-populated\">\n\t\t\t\t\t\t<div class=\"elementor-element elementor-element-9d11960 elementor-widget elementor-widget-text-editor\" data-id=\"9d11960\" data-element_type=\"widget\" data-widget_type=\"text-editor.default\">\n\t\t\t\t<div class=\"elementor-widget-container\">\n\t\t\t\t\t\t\t\t\t<p style=\"text-align: center;\"><b>Herbstmarkt Assen<\/b><\/p>\n<p style=\"text-align: center;\"><strong>Mittwoch, 6. November 2024<\/strong><\/p>\n<p style=\"text-align: center;\">11 &#8211; 17 Uhr.<\/p>\n<p style=\"text-align: center;\">Am Mittwoch, den 6. November, wird die Innenstadt von Assen mit dem traditionellen Herbstmarkt zum Leben erweckt! Eine Veranstaltung, bei der H\u00e4ndler aus dem ganzen Land sowie lokale Unternehmer zusammenkommen, um Ihnen ein vielf\u00e4ltiges Angebot an Produkten zu bieten. <\/p>\n\t\t\t\t\t\t\t\t<\/div>\n\t\t\t\t<\/div>\n\t\t\t\t\t<\/div>\n\t\t<\/div>\n\t\t\t\t<div class=\"elementor-column elementor-col-50 elementor-inner-column elementor-element elementor-element-71b0c56\" data-id=\"71b0c56\" data-element_type=\"column\">\n\t\t\t<div class=\"elementor-widget-wrap elementor-element-populated\">\n\t\t\t\t\t\t<div class=\"elementor-element elementor-element-6e71e39 elementor-widget elementor-widget-text-editor\" data-id=\"6e71e39\" data-element_type=\"widget\" data-widget_type=\"text-editor.default\">\n\t\t\t\t<div class=\"elementor-widget-container\">\n\t\t\t\t\t\t\t\t\t<p style=\"text-align: center;\"><strong>Keramik-Ausstellung<\/strong><\/p>\n<p style=\"text-align: center;\"><strong><span class=\"calendar-item calendar__date\"><br \/>T\u00e4glich bis<\/span>24. November 2024<span class=\"calendar-item calendar__date\"><\/span><\/strong><\/p>\n<p style=\"text-align: center;\"><span class=\"calendar-item calendar__time\">11 &#8211; 17 Uhr.<\/span><\/p>\n<p style=\"text-align: center;\">\n<p>Gro\u00dfe Kunst &amp; Garten Schaapveensweg 1616 Schaapveensweg 7863TE Gees<\/p>\n\t\t\t\t\t\t\t\t<\/div>\n\t\t\t\t<\/div>\n\t\t\t\t\t<\/div>\n\t\t<\/div>\n\t\t\t\t\t<\/div>\n\t\t<\/section>\n\t\t\t\t\t<\/div>\n\t\t<\/div>\n\t\t\t\t\t<\/div>\n\t\t<\/section>\n\t\t\t\t<section class=\"elementor-section elementor-top-section elementor-element elementor-element-b2f5f74 elementor-section-boxed elementor-section-height-default elementor-section-height-default\" data-id=\"b2f5f74\" data-element_type=\"section\">\n\t\t\t\t\t\t<div class=\"elementor-container elementor-column-gap-default\">\n\t\t\t\t\t<div class=\"elementor-column elementor-col-100 elementor-top-column elementor-element elementor-element-998fc7a\" data-id=\"998fc7a\" data-element_type=\"column\">\n\t\t\t<div class=\"elementor-widget-wrap elementor-element-populated\">\n\t\t\t\t\t\t<section class=\"elementor-section elementor-inner-section elementor-element elementor-element-36e69e6 elementor-section-boxed elementor-section-height-default elementor-section-height-default\" data-id=\"36e69e6\" data-element_type=\"section\">\n\t\t\t\t\t\t<div class=\"elementor-container elementor-column-gap-default\">\n\t\t\t\t\t<div class=\"elementor-column elementor-col-50 elementor-inner-column elementor-element elementor-element-ab685e0\" data-id=\"ab685e0\" data-element_type=\"column\">\n\t\t\t<div class=\"elementor-widget-wrap elementor-element-populated\">\n\t\t\t\t\t\t<div class=\"elementor-element elementor-element-174d7a8 elementor-widget elementor-widget-text-editor\" data-id=\"174d7a8\" data-element_type=\"widget\" data-widget_type=\"text-editor.default\">\n\t\t\t\t<div class=\"elementor-widget-container\">\n\t\t\t\t\t\t\t\t\t<p style=\"text-align: center;\"><strong>Lichter rund um die M\u00fchle in Beilen<\/strong><\/p>\n<p style=\"text-align: center;\"><strong>Samstag, 16. November 2024<\/strong><\/p>\n<p style=\"text-align: center;\">16:00 &#8211; 21:00<\/p>\n<p style=\"text-align: center;\">\n<p>M\u00fchle Makkum Makkum 40 9411 TK Beilen<\/p>\n\t\t\t\t\t\t\t\t<\/div>\n\t\t\t\t<\/div>\n\t\t\t\t\t<\/div>\n\t\t<\/div>\n\t\t\t\t<div class=\"elementor-column elementor-col-50 elementor-inner-column elementor-element elementor-element-27bc1b4\" data-id=\"27bc1b4\" data-element_type=\"column\">\n\t\t\t<div class=\"elementor-widget-wrap elementor-element-populated\">\n\t\t\t\t\t\t<div class=\"elementor-element elementor-element-dd07e36 elementor-widget elementor-widget-text-editor\" data-id=\"dd07e36\" data-element_type=\"widget\" data-widget_type=\"text-editor.default\">\n\t\t\t\t<div class=\"elementor-widget-container\">\n\t\t\t\t\t\t\t\t\t<p style=\"text-align: center;\"><strong>Woolly Country Life Herbstmesse Hippisch Centrum Exloo<\/strong><\/p>\n<p style=\"text-align: center;\"><strong>Sonntag 17 November 2024<\/strong><\/p>\n<p style=\"text-align: center;\">11.00 &#8211; 16.30 Uhr<\/p>\n<p style=\"text-align: center;\">\n<p>Reitsportzentrum Exloo Valtherweg 27-a 7875 TA Exloo<\/p>\n\t\t\t\t\t\t\t\t<\/div>\n\t\t\t\t<\/div>\n\t\t\t\t\t<\/div>\n\t\t<\/div>\n\t\t\t\t\t<\/div>\n\t\t<\/section>\n\t\t\t\t\t<\/div>\n\t\t<\/div>\n\t\t\t\t\t<\/div>\n\t\t<\/section>\n\t\t\t\t<section class=\"elementor-section elementor-top-section elementor-element elementor-element-57bd9db elementor-section-boxed elementor-section-height-default elementor-section-height-default\" data-id=\"57bd9db\" data-element_type=\"section\">\n\t\t\t\t\t\t<div class=\"elementor-container elementor-column-gap-default\">\n\t\t\t\t\t<div class=\"elementor-column elementor-col-100 elementor-top-column elementor-element elementor-element-09fc170\" data-id=\"09fc170\" data-element_type=\"column\">\n\t\t\t<div class=\"elementor-widget-wrap\">\n\t\t\t\t\t\t\t<\/div>\n\t\t<\/div>\n\t\t\t\t\t<\/div>\n\t\t<\/section>\n\t\t\t\t<section class=\"elementor-section elementor-top-section elementor-element elementor-element-f5221d7 elementor-section-boxed elementor-section-height-default elementor-section-height-default\" data-id=\"f5221d7\" data-element_type=\"section\">\n\t\t\t\t\t\t<div class=\"elementor-container elementor-column-gap-default\">\n\t\t\t\t\t<div class=\"elementor-column elementor-col-100 elementor-top-column elementor-element elementor-element-5e720c0\" data-id=\"5e720c0\" data-element_type=\"column\">\n\t\t\t<div class=\"elementor-widget-wrap elementor-element-populated\">\n\t\t\t\t\t\t<div class=\"elementor-element elementor-element-3cada9e elementor-cta--skin-classic elementor-animated-content elementor-bg-transform elementor-bg-transform-zoom-in elementor-widget elementor-widget-call-to-action\" data-id=\"3cada9e\" data-element_type=\"widget\" data-widget_type=\"call-to-action.default\">\n\t\t\t\t<div class=\"elementor-widget-container\">\n\t\t\t\t\t\t\t<a class=\"elementor-cta\" href=\"https:\/\/www.drenthe.nl\/evenementen-activiteiten\">\n\t\t\t\t\t<div class=\"elementor-cta__bg-wrapper\">\n\t\t\t\t<div class=\"elementor-cta__bg elementor-bg\" style=\"background-image: url(https:\/\/puurexloo.nl\/wp-content\/uploads\/2024\/11\/drenthe.jpg);\" role=\"img\" aria-label=\"drenthe\"><\/div>\n\t\t\t\t<div class=\"elementor-cta__bg-overlay\"><\/div>\n\t\t\t<\/div>\n\t\t\t\t\t\t\t<div class=\"elementor-cta__content\">\n\t\t\t\t\n\t\t\t\t\t\t\t\t\t<h2 class=\"elementor-cta__title elementor-cta__content-item elementor-content-item\">\n\t\t\t\t\t\tAusfl\u00fcge\/Aktivit\u00e4ten\/Veranstaltungen in Drenthe\t\t\t\t\t<\/h2>\n\t\t\t\t\n\t\t\t\t\t\t\t\t\t<div class=\"elementor-cta__description elementor-cta__content-item elementor-content-item\">\n\t\t\t\t\t\t<p>Alle aktuellen Aktivit\u00e4ten, Wochenm\u00e4rkte und Veranstaltungen in Drenthe finden Sie auf der Website.<\/p>\n\t\t\t\t\t<\/div>\n\t\t\t\t\n\t\t\t\t\t\t\t\t\t<div class=\"elementor-cta__button-wrapper elementor-cta__content-item elementor-content-item \">\n\t\t\t\t\t<span class=\"elementor-cta__button elementor-button elementor-size-\">\n\t\t\t\t\t\tKlicken Sie hier f\u00fcr die Website\t\t\t\t\t<\/span>\n\t\t\t\t\t<\/div>\n\t\t\t\t\t\t\t<\/div>\n\t\t\t\t\t\t<\/a>\n\t\t\t\t\t\t<\/div>\n\t\t\t\t<\/div>\n\t\t\t\t\t<\/div>\n\t\t<\/div>\n\t\t\t\t\t<\/div>\n\t\t<\/section>\n\t\t\t\t<\/div>\n\t\t","protected":false},"excerpt":{"rendered":"<p>Messen, Jahrm\u00e4rkte, Flohm\u00e4rkte, Workshops und vieles mehr. Herbstmarkt Assen Mittwoch, 6. November 2024 11 &#8211; 17 Uhr. Am Mittwoch, den 6. November, wird die Innenstadt von Assen mit dem traditionellen Herbstmarkt zum Leben erweckt! Eine Veranstaltung, bei der H\u00e4ndler aus dem ganzen Land sowie lokale Unternehmer zusammenkommen, um Ihnen ein vielf\u00e4ltiges Angebot an Produkten zu [&hellip;]<\/p>\n","protected":false},"author":27,"featured_media":0,"parent":0,"menu_order":0,"comment_status":"closed","ping_status":"closed","template":"","meta":{"footnotes":""},"class_list":["post-30544","page","type-page","status-publish","hentry"],"_links":{"self":[{"href":"https:\/\/puurexloo.nl\/de\/wp-json\/wp\/v2\/pages\/30544","targetHints":{"allow":["GET"]}}],"collection":[{"href":"https:\/\/puurexloo.nl\/de\/wp-json\/wp\/v2\/pages"}],"about":[{"href":"https:\/\/puurexloo.nl\/de\/wp-json\/wp\/v2\/types\/page"}],"author":[{"embeddable":true,"href":"https:\/\/puurexloo.nl\/de\/wp-json\/wp\/v2\/users\/27"}],"replies":[{"embeddable":true,"href":"https:\/\/puurexloo.nl\/de\/wp-json\/wp\/v2\/comments?post=30544"}],"version-history":[{"count":1,"href":"https:\/\/puurexloo.nl\/de\/wp-json\/wp\/v2\/pages\/30544\/revisions"}],"predecessor-version":[{"id":30546,"href":"https:\/\/puurexloo.nl\/de\/wp-json\/wp\/v2\/pages\/30544\/revisions\/30546"}],"wp:attachment":[{"href":"https:\/\/puurexloo.nl\/de\/wp-json\/wp\/v2\/media?parent=30544"}],"curies":[{"name":"wp","href":"https:\/\/api.w.org\/{rel}","templated":true}]}}